{"id":5416,"date":"2020-01-07T09:31:02","date_gmt":"2020-01-07T09:31:02","guid":{"rendered":"https:\/\/www.masterdp.uva.es\/?post_type=te_announcements&#038;p=5416"},"modified":"2020-01-07T09:31:02","modified_gmt":"2020-01-07T09:31:02","slug":"alumnos-del-master-en-el-vi-campeonato-internacional-de-direccion-de-proyectos","status":"publish","type":"te_announcements","link":"https:\/\/www.masterdp.uva.es\/index.php\/announcement\/alumnos-del-master-en-el-vi-campeonato-internacional-de-direccion-de-proyectos\/","title":{"rendered":"Alumnos del M\u00e1ster en el VI Campeonato Internacional de Direcci\u00f3n de Proyectos"},"content":{"rendered":"<p><!--more--><\/p>\n<p><a href=\"https:\/\/www.masterdp.uva.es\/wp-content\/uploads\/2020\/01\/iPMC2020.jpg\"><img loading=\"lazy\" decoding=\"async\" class=\"aligncenter wp-image-5417 size-full\" src=\"https:\/\/www.masterdp.uva.es\/wp-content\/uploads\/2020\/01\/iPMC2020.jpg\" alt=\"\" width=\"580\" height=\"288\" srcset=\"https:\/\/www.masterdp.uva.es\/wp-content\/uploads\/2020\/01\/iPMC2020.jpg 580w, https:\/\/www.masterdp.uva.es\/wp-content\/uploads\/2020\/01\/iPMC2020-300x149.jpg 300w\" sizes=\"(max-width: 580px) 100vw, 580px\" \/><\/a><\/p>\n<p>&nbsp;<\/p>\n<p style=\"text-align: justify;\">Los alumnos del <a href=\"https:\/\/www.masterdp.uva.es\/\"><strong>M\u00e1ster Oficial en Direcci\u00f3n de Proyectos de la Universidad de Valladolid<\/strong><\/a> asistir\u00e1n al <strong>VI Campeonato Internacional de Direcci\u00f3n de Proyectos<\/strong> &#8211; International Project Management Championship (<strong>iPMC2020<\/strong>).<\/p>\n<p style=\"text-align: justify;\">Este Campeonato se celebra anualmente con el fin de\u00a0promover el inter\u00e9s por la direcci\u00f3n de proyectos a trav\u00e9s del intercambio de conocimientos entre j\u00f3venes de distintos pa\u00edses pertenecientes a <a href=\"https:\/\/www.ipma.world\/\" target=\"_blank\" rel=\"noopener\">IPMA<\/a>, la Asociaci\u00f3n Internacional de Direcci\u00f3n de Proyectos, representada en Espa\u00f1a por <a href=\"https:\/\/www.aeipro.com\/es\/\" target=\"_blank\" rel=\"noopener\">AEIPRO<\/a>, la Asociaci\u00f3n Espa\u00f1ola de Direcci\u00f3n e Ingenier\u00eda de Proyectos, y cuya rama AEIPRO Joven organiza la fase Nacional de este Campeonato, de la que saldr\u00e1n los representantes de Espa\u00f1a en la \u00faltima fase final internacional del Campeonato.<\/p>\n<p style=\"text-align: justify;\">Los alumnos, que ir\u00e1n en equipos de 3 a 4 personas, se enfrentar\u00e1n a una primera etapa en la que deber\u00e1n realizar un test on-line de 100 preguntas sobre Direcci\u00f3n de Proyectos, antes del 28 de febrero de 2020. Despu\u00e9s, los 6 equipos con mejor puntuaci\u00f3n, que se conocer\u00e1n el 4 de marzo de 2020, disputar\u00e1n la Final Nacional en Madrid, en\u00a0la Escuela T\u00e9cnica Superior de Ingenier\u00eda\u00a0Agron\u00f3mica, Alimentaria y de Biosistemas de la Universidad Polit\u00e9cnica de Madrid, el 13 de marzo de 2020.<\/p>\n<p style=\"text-align: justify;\">El equipo ganador obtendr\u00e1\u00a0los derechos de examen para la certificaci\u00f3n IPMA nivel D (valorado en 726\u20ac), adem\u00e1s de\u00a0cuota de socio AEIPRO gratuita hasta diciembre 2020, y representar\u00e1 a Espa\u00f1a en la final internacional que tendr\u00e1 lugar en\u00a0Vilnius, Lituania, a principios de junio.<\/p>\n<p style=\"text-align: center;\"><a href='https:\/\/www.aeipro.com\/es\/aeipro-joven\/ipmc' class='big-button bigblue' target=\"_blank\">M\u00e1s informaci\u00f3n<\/a><\/p>\n<p style=\"text-align: justify;\">Esperamos que nuestros alumnos tengan suerte para demostrar todo su talento, como ya hicieron los alumnos de la anterior promoci\u00f3n del M\u00e1ster, <a href=\"https:\/\/es.linkedin.com\/in\/danielpt\" target=\"_blank\" rel=\"noopener\">Daniel P\u00e9rez Tu\u00f1\u00f3n<\/a>, <a href=\"https:\/\/www.linkedin.com\/in\/victorgarciapardo\/\" target=\"_blank\" rel=\"noopener\">V\u00edctor Garc\u00eda Pardo<\/a>, <a href=\"https:\/\/es.linkedin.com\/in\/juan-deanton-heredero\" target=\"_blank\" rel=\"noopener\">Juan De Ant\u00f3n Heredero<\/a> y <a href=\"https:\/\/www.linkedin.com\/in\/lauravallesmendez\/\" target=\"_blank\" rel=\"noopener\">Laura Valles M\u00e9ndez<\/a>, quienes se proclamaron <a href=\"https:\/\/www.masterdp.uva.es\/index.php\/announcement\/alumnos-del-master-campeones-nacionales-del-ipmc2019\/\" target=\"_blank\" rel=\"noopener\">Campeones Nacionales<\/a> y <a href=\"https:\/\/www.masterdp.uva.es\/index.php\/announcement\/3-puesto-ipmc2019\/\" target=\"_blank\" rel=\"noopener\">3\u00ba puesto<\/a> de la fase internacional del <a href=\"https:\/\/www.masterdp.uva.es\/index.php\/announcement\/3-puesto-ipmc2019\/\" target=\"_blank\" rel=\"noopener\">iPMC2019.<\/a><\/p>\n","protected":false},"parent":0,"template":"","class_list":["post-5416","te_announcements","type-te_announcements","status-publish","hentry"],"announcement_date":"Announcement Date: 7 enero 2020","announcement_image":false,"_links":{"self":[{"href":"https:\/\/www.masterdp.uva.es\/index.php\/wp-json\/wp\/v2\/announcement\/5416","targetHints":{"allow":["GET"]}}],"collection":[{"href":"https:\/\/www.masterdp.uva.es\/index.php\/wp-json\/wp\/v2\/announcement"}],"about":[{"href":"https:\/\/www.masterdp.uva.es\/index.php\/wp-json\/wp\/v2\/types\/te_announcements"}],"wp:attachment":[{"href":"https:\/\/www.masterdp.uva.es\/index.php\/wp-json\/wp\/v2\/media?parent=5416"}],"curies":[{"name":"wp","href":"https:\/\/api.w.org\/{rel}","templated":true}]}}